{"id":1125,"date":"2022-07-26T09:37:28","date_gmt":"2022-07-26T07:37:28","guid":{"rendered":"https:\/\/greenfactor-project.eu\/nuestro-proyecto\/"},"modified":"2024-11-14T16:27:16","modified_gmt":"2024-11-14T15:27:16","slug":"nuestro-proyecto","status":"publish","type":"page","link":"https:\/\/greenfactor-project.eu\/es\/nuestro-proyecto\/","title":{"rendered":"Nuestro proyecto"},"content":{"rendered":"<section class=\"wpb-content-wrapper\"><p>[vc_row][vc_column]<div id=\"ultimate-heading-330069f2155b3714d\" class=\"uvc-heading ult-adjust-bottom-margin ultimate-heading-330069f2155b3714d uvc-2896  uvc-heading-default-font-sizes\" data-hspacer=\"no_spacer\"  data-halign=\"left\" style=\"text-align:left\"><div class=\"uvc-heading-spacer no_spacer\" style=\"top\"><\/div><div class=\"uvc-sub-heading ult-responsive\"  data-ultimate-target='.uvc-heading.ultimate-heading-330069f2155b3714d .uvc-sub-heading '  data-responsive-json-new='{\"font-size\":\"desktop:21px;\",\"line-height\":\"desktop:31px;\"}'  style=\"font-family:&#039;Roboto Slab&#039;;font-weight:500;margin-top:33px;margin-bottom:37px;\"><\/p>\n<p style=\"text-align: justify;\">La problem\u00e1tica ambiental se est\u00e1 convirtiendo en uno de los temas globales m\u00e1s urgentes que los hacedores de pol\u00edticas y la sociedad en general deben enfrentar para asegurar la sustentabilidad futura del planeta. <\/p>\n<p><\/div><\/div>[vc_row_inner][vc_column_inner width=\u00bb1\/4&#8243;][\/vc_column_inner][vc_column_inner width=\u00bb1\/2&#8243;][vc_single_image image=\u00bb853&#8243; img_size=\u00bbfull\u00bb alignment=\u00bbcenter\u00bb image_hovers=\u00bbfalse\u00bb][\/vc_column_inner][vc_column_inner width=\u00bb1\/4&#8243;][\/vc_column_inner][\/vc_row_inner][vc_column_text]<\/p>\n<p style=\"text-align: justify;\">Por ello, en los \u00faltimos a\u00f1os muchos acuerdos internacionales establecieron nuevas reglas para superar la situaci\u00f3n actual: el Acuerdo de Par\u00eds (2015) durante el cual, por primera vez, las Naciones Unidas se unieron en una causa com\u00fan para emprender ambiciosas acciones para combatir el cambio clim\u00e1tico y adaptarse a sus efectos; y la Agenda 2030 (2015) que comprometi\u00f3 a casi 200 naciones a alcanzar un desarrollo m\u00e1s sostenible para el planeta y los seres humanos. Because of this, in the past years many international deals established new rules to overtake the actual situation: the Paris Agreement (2015) during which, for the first time, the United Nations brought into a common cause to undertake ambitious efforts to combat climate change and adapt to its effects, and the Agenda 2030 (2015) which committed almost 200 nations to reach a more sustainable development for the planet and the human beings. <\/p>\n<p style=\"text-align: justify;\">Tal y como establece tambi\u00e9n el Pacto Verde Europeo (2019) y el Programa de Trabajo del Pacto Verde 2018-2020 en el marco del Horizonte 2020 (\u00c1rea 10, tema 2: Cambio de comportamiento, social y cultural para el Pacto Verde), el principal reto a nivel europeo e internacional es fomentar cambios en las pr\u00e1cticas sociales y en el comportamiento de los individuos, las comunidades, las organizaciones p\u00fablicas y privadas, que se pueden lograr a trav\u00e9s de procesos colectivos y participativos o a trav\u00e9s de un sentido de ciudadan\u00eda ambiental y justicia clim\u00e1tica. Para abordar estos problemas se requiere investigaci\u00f3n y experimentaci\u00f3n a nivel europeo en el campo del cambio social, cultural y de comportamiento, y se requiere el an\u00e1lisis de las pr\u00e1cticas sociales y los procesos de cambio de comportamiento, incluido el intercambio de buenas pr\u00e1cticas, herramientas y recursos.<\/p>\n<p style=\"text-align: justify;\">Este gran desaf\u00edo requiere una profunda adaptaci\u00f3n en los estilos de vida y comportamientos, abordando el compromiso de los ciudadanos y la innovaci\u00f3n social a trav\u00e9s de enfoques innovadores, para una transici\u00f3n justa e inclusiva.<\/p>\n<p>[\/vc_column_text][vc_row_inner][vc_column_inner width=\u00bb1\/4&#8243;][\/vc_column_inner][vc_column_inner width=\u00bb1\/2&#8243;][vc_single_image image=\u00bb768&#8243; img_size=\u00bbfull\u00bb alignment=\u00bbcenter\u00bb image_hovers=\u00bbfalse\u00bb][\/vc_column_inner][vc_column_inner width=\u00bb1\/4&#8243;][\/vc_column_inner][\/vc_row_inner]<div id=\"ultimate-heading-698769f2155b371f4\" class=\"uvc-heading ult-adjust-bottom-margin ultimate-heading-698769f2155b371f4 uvc-5414  uvc-heading-default-font-sizes\" data-hspacer=\"no_spacer\"  data-halign=\"center\" style=\"text-align:center\"><div class=\"uvc-heading-spacer no_spacer\" style=\"top\"><\/div><div class=\"uvc-sub-heading ult-responsive\"  data-ultimate-target='.uvc-heading.ultimate-heading-698769f2155b371f4 .uvc-sub-heading '  data-responsive-json-new='{\"font-size\":\"desktop:21px;\",\"line-height\":\"desktop:31px;\"}'  style=\"font-weight:normal;\"><strong>GREEN Factor: eco and entrepreneurial pathways to boost young people\u2019s factor of change<\/strong><\/div><\/div><div id=\"ultimate-heading-47269f2155b37237\" class=\"uvc-heading ult-adjust-bottom-margin ultimate-heading-47269f2155b37237 uvc-5454  uvc-heading-default-font-sizes\" data-hspacer=\"no_spacer\"  data-halign=\"center\" style=\"text-align:center\"><div class=\"uvc-heading-spacer no_spacer\" style=\"top\"><\/div><div class=\"uvc-sub-heading ult-responsive\"  data-ultimate-target='.uvc-heading.ultimate-heading-47269f2155b37237 .uvc-sub-heading '  data-responsive-json-new='{\"font-size\":\"\",\"line-height\":\"\"}'  style=\"font-weight:normal;margin-bottom:27px;\"><strong><span class=\"OYPEnA font-feature-liga-off font-feature-clig-off font-feature-calt-off text-decoration-none text-strikethrough-none\">2021-2-FR02-KA220-YOU-000048638<\/span><\/strong><\/div><\/div>[vc_column_text]<\/p>\n<p style=\"text-align: justify;\">De hecho, con el tiempo, los j\u00f3venes se vuelven m\u00e1s informados y conscientes de los temas y problemas ambientales, al considerarse participantes activos en los cambios globales.  <\/p>\n<p style=\"text-align: justify;\"><span style=\"vertical-align: inherit;\"><span style=\"vertical-align: inherit;\">El movimiento \u201cFriday for Future\u201d lo demostr\u00f3.  Comenzado en 2018, pronto se volvi\u00f3 viral con miles de j\u00f3venes activistas que protestaban contra la falta de acci\u00f3n de los gobiernos ante la crisis clim\u00e1tica. Luego, el movimiento alcanz\u00f3 cifras significativas al impactar en 7500 ciudades y 14 millones de personas en todos los continentes (<a href=\"https:\/\/fridaysforfuture.org\/\" target=\"_blank\" rel=\"noopener\">https:\/\/fridaysforfuture.org\/<\/a>).\u00bb<br \/>\n<\/span><\/span><\/p>\n<p>[\/vc_column_text][\/vc_column][\/vc_row][vc_row][vc_column][vc_column_text][\/vc_column_text][vc_separator][\/vc_column][\/vc_row][vc_row][vc_column][vc_column_text]<\/p>\n<p style=\"text-align: justify;\">A continuaci\u00f3n encontrar\u00e1 el folleto del proyecto Factor VERDE, disponible en seis idiomas. Este folleto incluye informaci\u00f3n esencial sobre el proyecto y sus herramientas clave para promover el esp\u00edritu empresarial ecol\u00f3gico y la sostenibilidad entre los j\u00f3venes. <\/p>\n<p>[\/vc_column_text][\/vc_column][vc_column width=\u00bb1\/6&#8243;][vc_column_text]<\/p>\n<p style=\"text-align: center;\"><a href=\"https:\/\/greenfactor-project.eu\/wp-content\/uploads\/2024\/11\/LEAFLET-GREEN-FACTOR_EN.pdf\" class=\"pdfemb-viewer\" style=\"\" data-width=\"max\" data-height=\"max\"  data-toolbar=\"bottom\" data-toolbar-fixed=\"off\">LEAFLET GREEN FACTOR_EN<br\/><\/a><\/p>\n<p>[\/vc_column_text]<style type=\"text\/css\" data-type=\"the7_shortcodes-inline-css\">#default-btn-3cf8244a50c3757d144e55510b614213.ico-right-side > i {\n  margin-right: 0px;\n  margin-left: 8px;\n}\n#default-btn-3cf8244a50c3757d144e55510b614213 > i {\n  margin-right: 8px;\n}\n<\/style><div class=\"btn-align-center\"><a href=\"http:\/\/greenfactor-project.eu\/wp-content\/uploads\/2024\/11\/LEAFLET-GREEN-FACTOR_EN.pdf\" class=\"default-btn-shortcode dt-btn dt-btn-s link-hover-off \" target=\"_blank\" id=\"default-btn-3cf8244a50c3757d144e55510b614213\" rel=\"noopener\"><span>Leaflet (EN)<\/span><\/a><\/div>[\/vc_column][vc_column width=\u00bb1\/6&#8243;][vc_column_text]<\/p>\n<p style=\"text-align: center;\"><a href=\"https:\/\/greenfactor-project.eu\/wp-content\/uploads\/2024\/11\/LEAFLET-GREEN-FACTOR_FR.pdf\" class=\"pdfemb-viewer\" style=\"\" data-width=\"max\" data-height=\"max\"  data-toolbar=\"bottom\" data-toolbar-fixed=\"off\">LEAFLET GREEN FACTOR_FR<br\/><\/a><\/p>\n<p>[\/vc_column_text]<style type=\"text\/css\" data-type=\"the7_shortcodes-inline-css\">#default-btn-f69490a22493ba36d8a0fa89b8b6f212.ico-right-side > i {\n  margin-right: 0px;\n  margin-left: 8px;\n}\n#default-btn-f69490a22493ba36d8a0fa89b8b6f212 > i {\n  margin-right: 8px;\n}\n<\/style><div class=\"btn-align-center\"><a href=\"http:\/\/greenfactor-project.eu\/wp-content\/uploads\/2024\/11\/LEAFLET-GREEN-FACTOR_FR.pdf\" class=\"default-btn-shortcode dt-btn dt-btn-s link-hover-off \" target=\"_blank\" id=\"default-btn-f69490a22493ba36d8a0fa89b8b6f212\" rel=\"noopener\"><span>Leaflet (FR)<\/span><\/a><\/div>[\/vc_column][vc_column width=\u00bb1\/6&#8243;][vc_column_text]<\/p>\n<p style=\"text-align: center;\"><a href=\"https:\/\/greenfactor-project.eu\/wp-content\/uploads\/2024\/11\/LEAFLET-GREEN-FACTOR_ES.pdf\" class=\"pdfemb-viewer\" style=\"\" data-width=\"max\" data-height=\"max\"  data-toolbar=\"bottom\" data-toolbar-fixed=\"off\">LEAFLET GREEN FACTOR_ES<br\/><\/a><\/p>\n<p>[\/vc_column_text]<style type=\"text\/css\" data-type=\"the7_shortcodes-inline-css\">#default-btn-f80ec3753cd48333d720ebd10c239d82.ico-right-side > i {\n  margin-right: 0px;\n  margin-left: 8px;\n}\n#default-btn-f80ec3753cd48333d720ebd10c239d82 > i {\n  margin-right: 8px;\n}\n<\/style><div class=\"btn-align-center\"><a href=\"http:\/\/greenfactor-project.eu\/wp-content\/uploads\/2024\/11\/LEAFLET-GREEN-FACTOR_ES.pdf\" class=\"default-btn-shortcode dt-btn dt-btn-s link-hover-off \" target=\"_blank\" id=\"default-btn-f80ec3753cd48333d720ebd10c239d82\" rel=\"noopener\"><span>Leaflet (ES)<\/span><\/a><\/div>[\/vc_column][vc_column width=\u00bb1\/6&#8243;][vc_column_text]<\/p>\n<p style=\"text-align: center;\"><a href=\"https:\/\/greenfactor-project.eu\/wp-content\/uploads\/2024\/11\/LEAFLET-GREEN-FACTOR_IT.pdf\" class=\"pdfemb-viewer\" style=\"\" data-width=\"max\" data-height=\"max\"  data-toolbar=\"bottom\" data-toolbar-fixed=\"off\">LEAFLET GREEN FACTOR_IT<br\/><\/a><\/p>\n<p>[\/vc_column_text]<style type=\"text\/css\" data-type=\"the7_shortcodes-inline-css\">#default-btn-ba8204cd44bbecc45b27888dd819d6a7.ico-right-side > i {\n  margin-right: 0px;\n  margin-left: 8px;\n}\n#default-btn-ba8204cd44bbecc45b27888dd819d6a7 > i {\n  margin-right: 8px;\n}\n<\/style><div class=\"btn-align-center\"><a href=\"http:\/\/greenfactor-project.eu\/wp-content\/uploads\/2024\/11\/LEAFLET-GREEN-FACTOR_IT.pdf\" class=\"default-btn-shortcode dt-btn dt-btn-s link-hover-off \" target=\"_blank\" id=\"default-btn-ba8204cd44bbecc45b27888dd819d6a7\" rel=\"noopener\"><span>Leaflet (IT)<\/span><\/a><\/div>[\/vc_column][vc_column width=\u00bb1\/6&#8243;][vc_column_text]<\/p>\n<p style=\"text-align: center;\"><a href=\"https:\/\/greenfactor-project.eu\/wp-content\/uploads\/2024\/11\/LEAFLET-GREEN-FACTOR_GREEK.pdf\" class=\"pdfemb-viewer\" style=\"\" data-width=\"max\" data-height=\"max\"  data-toolbar=\"bottom\" data-toolbar-fixed=\"off\">LEAFLET GREEN FACTOR_GREEK<br\/><\/a><\/p>\n<p>[\/vc_column_text]<style type=\"text\/css\" data-type=\"the7_shortcodes-inline-css\">#default-btn-98ae4b3fb10e866226c38bb535612d3c.ico-right-side > i {\n  margin-right: 0px;\n  margin-left: 8px;\n}\n#default-btn-98ae4b3fb10e866226c38bb535612d3c > i {\n  margin-right: 8px;\n}\n<\/style><div class=\"btn-align-center\"><a href=\"http:\/\/greenfactor-project.eu\/wp-content\/uploads\/2024\/11\/LEAFLET-GREEN-FACTOR_GREEK.pdf\" class=\"default-btn-shortcode dt-btn dt-btn-s link-hover-off \" target=\"_blank\" id=\"default-btn-98ae4b3fb10e866226c38bb535612d3c\" rel=\"noopener\"><span>Leaflet (GREEK)<\/span><\/a><\/div>[\/vc_column][vc_column width=\u00bb1\/6&#8243;][vc_column_text]<\/p>\n<p style=\"text-align: center;\"><a href=\"https:\/\/greenfactor-project.eu\/wp-content\/uploads\/2024\/11\/LEAFLET-GREEN-FACTOR_CZECH.pdf\" class=\"pdfemb-viewer\" style=\"\" data-width=\"max\" data-height=\"max\"  data-toolbar=\"bottom\" data-toolbar-fixed=\"off\">LEAFLET GREEN FACTOR_CZECH<br\/><\/a><\/p>\n<p>[\/vc_column_text]<style type=\"text\/css\" data-type=\"the7_shortcodes-inline-css\">#default-btn-8d07795915b89463fe1a18f617fce500.ico-right-side > i {\n  margin-right: 0px;\n  margin-left: 8px;\n}\n#default-btn-8d07795915b89463fe1a18f617fce500 > i {\n  margin-right: 8px;\n}\n<\/style><div class=\"btn-align-center\"><a href=\"http:\/\/greenfactor-project.eu\/wp-content\/uploads\/2024\/11\/LEAFLET-GREEN-FACTOR_CZECH.pdf\" class=\"default-btn-shortcode dt-btn dt-btn-s link-hover-off \" target=\"_blank\" id=\"default-btn-8d07795915b89463fe1a18f617fce500\" rel=\"noopener\"><span>Leaflet (CZECH)<\/span><\/a><\/div>[\/vc_column][\/vc_row]<\/p>\n<\/section>","protected":false},"excerpt":{"rendered":"<p>[vc_row][vc_column][vc_row_inner][vc_column_inner width=\u00bb1\/4&#8243;][\/vc_column_inner][vc_column_inner width=\u00bb1\/2&#8243;][vc_single_image image=\u00bb853&#8243; img_size=\u00bbfull\u00bb alignment=\u00bbcenter\u00bb image_hovers=\u00bbfalse\u00bb][\/vc_column_inner][vc_column_inner width=\u00bb1\/4&#8243;][\/vc_column_inner][\/vc_row_inner][vc_column_text] Por ello, en los \u00faltimos a\u00f1os muchos acuerdos internacionales establecieron nuevas reglas para superar la situaci\u00f3n actual: el Acuerdo de Par\u00eds (2015) durante el cual, por primera vez, las Naciones Unidas se unieron en una causa com\u00fan para emprender ambiciosas acciones para combatir el cambio clim\u00e1tico y&hellip;<\/p>\n","protected":false},"author":1,"featured_media":0,"parent":0,"menu_order":0,"comment_status":"closed","ping_status":"closed","template":"","meta":{"om_disable_all_campaigns":false,"_monsterinsights_skip_tracking":false,"_monsterinsights_sitenote_active":false,"_monsterinsights_sitenote_note":"","_monsterinsights_sitenote_category":0,"footnotes":""},"class_list":["post-1125","page","type-page","status-publish","hentry","description-off"],"yoast_head":"<!-- This site is optimized with the Yoast SEO plugin v19.13 - https:\/\/yoast.com\/wordpress\/plugins\/seo\/ -->\n<title>Nuestro proyecto - GREEN Factor<\/title>\n<meta name=\"robots\" content=\"index, follow, max-snippet:-1, max-image-preview:large, max-video-preview:-1\" \/>\n<link rel=\"canonical\" href=\"https:\/\/greenfactor-project.eu\/es\/nuestro-proyecto\/\" \/>\n<meta property=\"og:locale\" content=\"es_ES\" \/>\n<meta property=\"og:type\" content=\"article\" \/>\n<meta property=\"og:title\" content=\"Nuestro proyecto - GREEN Factor\" \/>\n<meta property=\"og:description\" content=\"[vc_row][vc_column][vc_row_inner][vc_column_inner width=\u00bb1\/4&#8243;][\/vc_column_inner][vc_column_inner width=\u00bb1\/2&#8243;][vc_single_image image=\u00bb853&#8243; img_size=\u00bbfull\u00bb alignment=\u00bbcenter\u00bb image_hovers=\u00bbfalse\u00bb][\/vc_column_inner][vc_column_inner width=\u00bb1\/4&#8243;][\/vc_column_inner][\/vc_row_inner][vc_column_text] Por ello, en los \u00faltimos a\u00f1os muchos acuerdos internacionales establecieron nuevas reglas para superar la situaci\u00f3n actual: el Acuerdo de Par\u00eds (2015) durante el cual, por primera vez, las Naciones Unidas se unieron en una causa com\u00fan para emprender ambiciosas acciones para combatir el cambio clim\u00e1tico y&hellip;\" \/>\n<meta property=\"og:url\" content=\"https:\/\/greenfactor-project.eu\/es\/nuestro-proyecto\/\" \/>\n<meta property=\"og:site_name\" content=\"GREEN Factor\" \/>\n<meta property=\"article:modified_time\" content=\"2024-11-14T15:27:16+00:00\" \/>\n<meta name=\"twitter:card\" content=\"summary_large_image\" \/>\n<meta name=\"twitter:site\" content=\"@GreenfactorP\" \/>\n<meta name=\"twitter:label1\" content=\"Tiempo de lectura\" \/>\n\t<meta name=\"twitter:data1\" content=\"5 minutos\" \/>\n<script type=\"application\/ld+json\" class=\"yoast-schema-graph\">{\"@context\":\"https:\/\/schema.org\",\"@graph\":[{\"@type\":\"WebPage\",\"@id\":\"https:\/\/greenfactor-project.eu\/es\/nuestro-proyecto\/\",\"url\":\"https:\/\/greenfactor-project.eu\/es\/nuestro-proyecto\/\",\"name\":\"Nuestro proyecto - GREEN Factor\",\"isPartOf\":{\"@id\":\"https:\/\/greenfactor-project.eu\/#website\"},\"datePublished\":\"2022-07-26T07:37:28+00:00\",\"dateModified\":\"2024-11-14T15:27:16+00:00\",\"breadcrumb\":{\"@id\":\"https:\/\/greenfactor-project.eu\/es\/nuestro-proyecto\/#breadcrumb\"},\"inLanguage\":\"es\",\"potentialAction\":[{\"@type\":\"ReadAction\",\"target\":[\"https:\/\/greenfactor-project.eu\/es\/nuestro-proyecto\/\"]}]},{\"@type\":\"BreadcrumbList\",\"@id\":\"https:\/\/greenfactor-project.eu\/es\/nuestro-proyecto\/#breadcrumb\",\"itemListElement\":[{\"@type\":\"ListItem\",\"position\":1,\"name\":\"Home\",\"item\":\"https:\/\/greenfactor-project.eu\/es\/inicio\/\"},{\"@type\":\"ListItem\",\"position\":2,\"name\":\"Nuestro proyecto\"}]},{\"@type\":\"WebSite\",\"@id\":\"https:\/\/greenfactor-project.eu\/#website\",\"url\":\"https:\/\/greenfactor-project.eu\/\",\"name\":\"GREEN Factor\",\"description\":\"Eco and entrepreneurial pathways to boost young people\u2019s factor of change\",\"publisher\":{\"@id\":\"https:\/\/greenfactor-project.eu\/#organization\"},\"potentialAction\":[{\"@type\":\"SearchAction\",\"target\":{\"@type\":\"EntryPoint\",\"urlTemplate\":\"https:\/\/greenfactor-project.eu\/?s={search_term_string}\"},\"query-input\":\"required name=search_term_string\"}],\"inLanguage\":\"es\"},{\"@type\":\"Organization\",\"@id\":\"https:\/\/greenfactor-project.eu\/#organization\",\"name\":\"GREEN Factor\",\"url\":\"https:\/\/greenfactor-project.eu\/\",\"logo\":{\"@type\":\"ImageObject\",\"inLanguage\":\"es\",\"@id\":\"https:\/\/greenfactor-project.eu\/#\/schema\/logo\/image\/\",\"url\":\"https:\/\/greenfactor-project.eu\/wp-content\/uploads\/2022\/07\/logo-greendfactor-m2.jpg\",\"contentUrl\":\"https:\/\/greenfactor-project.eu\/wp-content\/uploads\/2022\/07\/logo-greendfactor-m2.jpg\",\"width\":131,\"height\":86,\"caption\":\"GREEN Factor\"},\"image\":{\"@id\":\"https:\/\/greenfactor-project.eu\/#\/schema\/logo\/image\/\"},\"sameAs\":[\"https:\/\/www.instagram.com\/greenfactor_project\/\",\"https:\/\/www.linkedin.com\/in\/green-factor-project-0b10ab246\/\",\"https:\/\/twitter.com\/GreenfactorP\"]}]}<\/script>\n<!-- \/ Yoast SEO plugin. -->","yoast_head_json":{"title":"Nuestro proyecto - GREEN Factor","robots":{"index":"index","follow":"follow","max-snippet":"max-snippet:-1","max-image-preview":"max-image-preview:large","max-video-preview":"max-video-preview:-1"},"canonical":"https:\/\/greenfactor-project.eu\/es\/nuestro-proyecto\/","og_locale":"es_ES","og_type":"article","og_title":"Nuestro proyecto - GREEN Factor","og_description":"[vc_row][vc_column][vc_row_inner][vc_column_inner width=\u00bb1\/4&#8243;][\/vc_column_inner][vc_column_inner width=\u00bb1\/2&#8243;][vc_single_image image=\u00bb853&#8243; img_size=\u00bbfull\u00bb alignment=\u00bbcenter\u00bb image_hovers=\u00bbfalse\u00bb][\/vc_column_inner][vc_column_inner width=\u00bb1\/4&#8243;][\/vc_column_inner][\/vc_row_inner][vc_column_text] Por ello, en los \u00faltimos a\u00f1os muchos acuerdos internacionales establecieron nuevas reglas para superar la situaci\u00f3n actual: el Acuerdo de Par\u00eds (2015) durante el cual, por primera vez, las Naciones Unidas se unieron en una causa com\u00fan para emprender ambiciosas acciones para combatir el cambio clim\u00e1tico y&hellip;","og_url":"https:\/\/greenfactor-project.eu\/es\/nuestro-proyecto\/","og_site_name":"GREEN Factor","article_modified_time":"2024-11-14T15:27:16+00:00","twitter_card":"summary_large_image","twitter_site":"@GreenfactorP","twitter_misc":{"Tiempo de lectura":"5 minutos"},"schema":{"@context":"https:\/\/schema.org","@graph":[{"@type":"WebPage","@id":"https:\/\/greenfactor-project.eu\/es\/nuestro-proyecto\/","url":"https:\/\/greenfactor-project.eu\/es\/nuestro-proyecto\/","name":"Nuestro proyecto - GREEN Factor","isPartOf":{"@id":"https:\/\/greenfactor-project.eu\/#website"},"datePublished":"2022-07-26T07:37:28+00:00","dateModified":"2024-11-14T15:27:16+00:00","breadcrumb":{"@id":"https:\/\/greenfactor-project.eu\/es\/nuestro-proyecto\/#breadcrumb"},"inLanguage":"es","potentialAction":[{"@type":"ReadAction","target":["https:\/\/greenfactor-project.eu\/es\/nuestro-proyecto\/"]}]},{"@type":"BreadcrumbList","@id":"https:\/\/greenfactor-project.eu\/es\/nuestro-proyecto\/#breadcrumb","itemListElement":[{"@type":"ListItem","position":1,"name":"Home","item":"https:\/\/greenfactor-project.eu\/es\/inicio\/"},{"@type":"ListItem","position":2,"name":"Nuestro proyecto"}]},{"@type":"WebSite","@id":"https:\/\/greenfactor-project.eu\/#website","url":"https:\/\/greenfactor-project.eu\/","name":"GREEN Factor","description":"Eco and entrepreneurial pathways to boost young people\u2019s factor of change","publisher":{"@id":"https:\/\/greenfactor-project.eu\/#organization"},"potentialAction":[{"@type":"SearchAction","target":{"@type":"EntryPoint","urlTemplate":"https:\/\/greenfactor-project.eu\/?s={search_term_string}"},"query-input":"required name=search_term_string"}],"inLanguage":"es"},{"@type":"Organization","@id":"https:\/\/greenfactor-project.eu\/#organization","name":"GREEN Factor","url":"https:\/\/greenfactor-project.eu\/","logo":{"@type":"ImageObject","inLanguage":"es","@id":"https:\/\/greenfactor-project.eu\/#\/schema\/logo\/image\/","url":"https:\/\/greenfactor-project.eu\/wp-content\/uploads\/2022\/07\/logo-greendfactor-m2.jpg","contentUrl":"https:\/\/greenfactor-project.eu\/wp-content\/uploads\/2022\/07\/logo-greendfactor-m2.jpg","width":131,"height":86,"caption":"GREEN Factor"},"image":{"@id":"https:\/\/greenfactor-project.eu\/#\/schema\/logo\/image\/"},"sameAs":["https:\/\/www.instagram.com\/greenfactor_project\/","https:\/\/www.linkedin.com\/in\/green-factor-project-0b10ab246\/","https:\/\/twitter.com\/GreenfactorP"]}]}},"_links":{"self":[{"href":"https:\/\/greenfactor-project.eu\/es\/wp-json\/wp\/v2\/pages\/1125","targetHints":{"allow":["GET"]}}],"collection":[{"href":"https:\/\/greenfactor-project.eu\/es\/wp-json\/wp\/v2\/pages"}],"about":[{"href":"https:\/\/greenfactor-project.eu\/es\/wp-json\/wp\/v2\/types\/page"}],"author":[{"embeddable":true,"href":"https:\/\/greenfactor-project.eu\/es\/wp-json\/wp\/v2\/users\/1"}],"replies":[{"embeddable":true,"href":"https:\/\/greenfactor-project.eu\/es\/wp-json\/wp\/v2\/comments?post=1125"}],"version-history":[{"count":11,"href":"https:\/\/greenfactor-project.eu\/es\/wp-json\/wp\/v2\/pages\/1125\/revisions"}],"predecessor-version":[{"id":2864,"href":"https:\/\/greenfactor-project.eu\/es\/wp-json\/wp\/v2\/pages\/1125\/revisions\/2864"}],"wp:attachment":[{"href":"https:\/\/greenfactor-project.eu\/es\/wp-json\/wp\/v2\/media?parent=1125"}],"curies":[{"name":"wp","href":"https:\/\/api.w.org\/{rel}","templated":true}]}}