{"id":1065,"date":"2022-07-26T10:02:13","date_gmt":"2022-07-26T08:02:13","guid":{"rendered":"https:\/\/greenfactor-project.eu\/partenariat\/"},"modified":"2023-03-06T15:02:46","modified_gmt":"2023-03-06T14:02:46","slug":"partenariat","status":"publish","type":"page","link":"https:\/\/greenfactor-project.eu\/fr\/partenariat\/","title":{"rendered":"Partenariat"},"content":{"rendered":"<section class=\"wpb-content-wrapper\"><p>[vc_row css=\u00a0\u00bb.vc_custom_1663144169218{padding-top: 50px !important;}\u00a0\u00bb][vc_column][vc_row_inner content_placement=\u00a0\u00bbtop\u00a0\u00bb][vc_column_inner width=\u00a0\u00bb1\/4&Prime;][vc_single_image image=\u00a0\u00bb989&Prime; img_size=\u00a0\u00bbmedium\u00a0\u00bb image_hovers=\u00a0\u00bbfalse\u00a0\u00bb][\/vc_column_inner][vc_column_inner width=\u00a0\u00bb3\/4&Prime; css=\u00a0\u00bb.vc_custom_1660823606810{border-radius: 20px !important;}\u00a0\u00bb]<div id=\"ultimate-heading-253169f3e6ce0cc75\" class=\"uvc-heading ult-adjust-bottom-margin ultimate-heading-253169f3e6ce0cc75 uvc-3853  uvc-heading-default-font-sizes\" data-hspacer=\"no_spacer\"  data-halign=\"left\" style=\"text-align:left\"><div class=\"uvc-heading-spacer no_spacer\" style=\"top\"><\/div><div class=\"uvc-main-heading ult-responsive\"  data-ultimate-target='.uvc-heading.ultimate-heading-253169f3e6ce0cc75 h2'  data-responsive-json-new='{\"font-size\":\"\",\"line-height\":\"\"}' ><h2 style=\"--font-weight:theme;margin-bottom:17px;\">E-Juniors<\/h2><\/div><div class=\"uvc-sub-heading ult-responsive\"  data-ultimate-target='.uvc-heading.ultimate-heading-253169f3e6ce0cc75 .uvc-sub-heading '  data-responsive-json-new='{\"font-size\":\"\",\"line-height\":\"\"}'  style=\"font-weight:normal;margin-bottom:75px;\"><strong>E-Juniors (EJU) (Paris &#8211; France)<\/strong> (PC): organisation non gouvernementale qui offre aux jeunes citoyens &#8211; en particulier ceux qui sont e-exclus &#8211; des opportunit\u00e9s d&rsquo;am\u00e9liorer leurs comp\u00e9tences num\u00e9riques, en proposant des activit\u00e9s en plus des \u00e9tudes acad\u00e9miques formelles. E-Juniors propose des activit\u00e9s au niveau local et europ\u00e9en qui se concentrent sur la citoyennet\u00e9 europ\u00e9enne, l&rsquo;entrepreneuriat social et l&rsquo;\u00e9change de comp\u00e9tences.<\/p>\n<p>Ces activit\u00e9s visent \u00e0:<\/p>\n<ul>\n<li><span lang=\"ES\">Promouvoir l&rsquo;utilisation cr\u00e9ative et constructive du temps libre.<\/span><\/li>\n<li><span lang=\"ES\">\u00c9tudier de nouveaux domaines d&rsquo;int\u00e9r\u00eat applicables<\/span><\/li>\n<li><span lang=\"ES\">Inspirer la cr\u00e9ativit\u00e9 et am\u00e9liorer les comp\u00e9tences professionnelles.<\/span><\/li>\n<li><span lang=\"ES\">promouvoir l&rsquo;esprit d&rsquo;entreprise.<\/span><\/li>\n<\/ul>\n<p>Pour plus d&rsquo;informations:<\/p>\n<p>Website: <a href=\"https:\/\/www.e-juniors.fr\/index.php?langue=en\" target=\"_blank\" rel=\"noopener\">www.e-juniors.fr<\/a><\/p>\n<p>Facebook: <a href=\"https:\/\/www.facebook.com\/EJUFR\" target=\"_blank\" rel=\"noopener\">www.facebook.com\/EJUFR<\/a><\/div><\/div>[\/vc_column_inner][\/vc_row_inner][vc_separator][vc_row_inner][vc_column_inner width=\u00a0\u00bb1\/4&Prime;][vc_single_image image=\u00a0\u00bb1009&Prime; img_size=\u00a0\u00bbmedium\u00a0\u00bb image_hovers=\u00a0\u00bbfalse\u00a0\u00bb][\/vc_column_inner][vc_column_inner width=\u00a0\u00bb3\/4&Prime;]<div id=\"ultimate-heading-788269f3e6ce0cd09\" class=\"uvc-heading ult-adjust-bottom-margin ultimate-heading-788269f3e6ce0cd09 uvc-9609  uvc-heading-default-font-sizes\" data-hspacer=\"no_spacer\"  data-halign=\"left\" style=\"text-align:left\"><div class=\"uvc-heading-spacer no_spacer\" style=\"top\"><\/div><div class=\"uvc-main-heading ult-responsive\"  data-ultimate-target='.uvc-heading.ultimate-heading-788269f3e6ce0cd09 h2'  data-responsive-json-new='{\"font-size\":\"\",\"line-height\":\"\"}' ><h2 style=\"--font-weight:theme;margin-top:53px;margin-bottom:17px;\">Institut de d\u00e9veloppement de l'esprit d'entreprise<\/h2><\/div><div class=\"uvc-sub-heading ult-responsive\"  data-ultimate-target='.uvc-heading.ultimate-heading-788269f3e6ce0cd09 .uvc-sub-heading '  data-responsive-json-new='{\"font-size\":\"\",\"line-height\":\"\"}'  style=\"font-weight:normal;margin-bottom:75px;\"><strong>iED (Greece)<\/strong>: est un organisme de recherche, cr\u00e9\u00e9 en 2005, dont l&rsquo;objectif est de promouvoir l&rsquo;esprit d&rsquo;entreprise pour tous. L&rsquo;activit\u00e9 principale de l&rsquo;organisation est la mise en \u0153uvre de projets dans le cadre de certains des programmes europ\u00e9ens les plus influents et les plus novateurs, tels que: HORIZON 2020 et ERASMUS+.<\/p>\n<p>Pour plus d&rsquo;informations:<\/p>\n<p>Website: <a href=\"https:\/\/ied.eu\/\" target=\"_blank\" rel=\"noopener\">ied.eu<\/a><\/p>\n<p>Linkedin: <a href=\"https:\/\/www.linkedin.com\/company\/iedeurope\/\" target=\"_blank\" rel=\"noopener\">linkedin.com\/company\/iedeurope<\/a><\/p>\n<p>Twitter: <a href=\"https:\/\/twitter.com\/ied_europe\" target=\"_blank\" rel=\"noopener\">twitter.com\/ied_europe<\/a><\/p>\n<p>Instagram: <a href=\"https:\/\/www.instagram.com\/ied.europe\/\" target=\"_blank\" rel=\"noopener\">instagram.com\/ied.europe\/<\/a><\/p>\n<p>Facebook: <a href=\"https:\/\/www.facebook.com\/ied.europe\/\" target=\"_blank\" rel=\"noopener\">facebook.com\/ied.europe\/<\/a><\/p>\n<p>YouTube: <a href=\"https:\/\/www.youtube.com\/c\/iEDInstituteofEntrepreneurshipDevelopment\" target=\"_blank\" rel=\"noopener\">youtube.com\/c\/iEDInstituteofEntrepreneurshipDevelopment<\/a><\/div><\/div>[\/vc_column_inner][\/vc_row_inner][vc_separator][vc_row_inner][vc_column_inner width=\u00a0\u00bb1\/4&Prime;][vc_single_image image=\u00a0\u00bb1004&Prime; img_size=\u00a0\u00bbmedium\u00a0\u00bb image_hovers=\u00a0\u00bbfalse\u00a0\u00bb][\/vc_column_inner][vc_column_inner width=\u00a0\u00bb3\/4&Prime;]<div id=\"ultimate-heading-463269f3e6ce0cd4f\" class=\"uvc-heading ult-adjust-bottom-margin ultimate-heading-463269f3e6ce0cd4f uvc-8192  uvc-heading-default-font-sizes\" data-hspacer=\"no_spacer\"  data-halign=\"left\" style=\"text-align:left\"><div class=\"uvc-heading-spacer no_spacer\" style=\"top\"><\/div><div class=\"uvc-main-heading ult-responsive\"  data-ultimate-target='.uvc-heading.ultimate-heading-463269f3e6ce0cd4f h2'  data-responsive-json-new='{\"font-size\":\"\",\"line-height\":\"\"}' ><h2 style=\"--font-weight:theme;margin-top:53px;margin-bottom:17px;\">JO CONSULTING SRL<\/h2><\/div><div class=\"uvc-sub-heading ult-responsive\"  data-ultimate-target='.uvc-heading.ultimate-heading-463269f3e6ce0cd4f .uvc-sub-heading '  data-responsive-json-new='{\"font-size\":\"\",\"line-height\":\"\"}'  style=\"font-weight:normal;margin-bottom:75px;\"><strong>JO Consulting (Catane &#8211; Italie)<\/strong> est une soci\u00e9t\u00e9 sp\u00e9cialis\u00e9e dans le conseil sur les projets europ\u00e9ens et les subventions. Gr\u00e2ce \u00e0 l&rsquo;exp\u00e9rience acquise depuis 1998, la soci\u00e9t\u00e9 est en mesure d&rsquo;offrir un soutien aux entreprises qui souhaitent saisir les opportunit\u00e9s offertes par la Commission europ\u00e9enne, les minist\u00e8res et les r\u00e9gions. Ces derni\u00e8res ann\u00e9es, gr\u00e2ce \u00e0 la cr\u00e9dibilit\u00e9 acquise, JO Consulting a pu obtenir des subventions dans le cadre d&rsquo;Horizon 2020, d&rsquo;Erasmus+, d&rsquo;Erasmus pour jeunes entrepreneurs, d&rsquo;EURES (d&rsquo;EaSI), du 7e programme-cadre et du Fonds europ\u00e9en de d\u00e9veloppement r\u00e9gional (FEDER). JO Consulting offre des conseils aux startups, entreprises, associations et organismes publics qui souhaitent acc\u00e9der aux pr\u00eats non-remboursables fournis par la Commission europ\u00e9enne, les ministres et les r\u00e9gions. En particulier, en ce qui concerne le conseil sur les fonds europ\u00e9ens, JO Consulting peut \u00eatre consid\u00e9r\u00e9 comme \u00ab\u00a0un tisseur de partenariat international\u00a0\u00bb, le premier facteur, celui-ci, de cr\u00e9dibilit\u00e9 \u00e0 \u00e9merger dans un contexte europ\u00e9en.<\/p>\n<p>Pour plus d&rsquo;informations:<\/p>\n<p>Website: <a href=\"https:\/\/www.joconsulting.eu\/\" target=\"_blank\" rel=\"noopener\">joconsulting.eu<\/a><\/p>\n<p>LinkedIn: <a href=\"https:\/\/www.linkedin.com\/company\/jo-consulting-eu-projects\/\" target=\"_blank\" rel=\"noopener\">linkedin.com\/company\/jo-consulting-eu-projects\/<\/a><\/p>\n<p>Facebook: <a href=\"https:\/\/www.facebook.com\/JOConsulting.EuropeanProjects\" target=\"_blank\" rel=\"noopener\">facebook.com\/JOConsulting.EuropeanProjects<\/a><\/div><\/div>[\/vc_column_inner][\/vc_row_inner][vc_separator][vc_row_inner css=\u00a0\u00bb.vc_custom_1658829037889{padding-top: 25px !important;}\u00a0\u00bb][vc_column_inner width=\u00a0\u00bb1\/4&Prime;][vc_single_image image=\u00a0\u00bb994&Prime; img_size=\u00a0\u00bbmedium\u00a0\u00bb image_hovers=\u00a0\u00bbfalse\u00a0\u00bb][\/vc_column_inner][vc_column_inner width=\u00a0\u00bb3\/4&Prime;]<div id=\"ultimate-heading-392669f3e6ce0cdb8\" class=\"uvc-heading ult-adjust-bottom-margin ultimate-heading-392669f3e6ce0cdb8 uvc-9582  uvc-heading-default-font-sizes\" data-hspacer=\"no_spacer\"  data-halign=\"left\" style=\"text-align:left\"><div class=\"uvc-heading-spacer no_spacer\" style=\"top\"><\/div><div class=\"uvc-main-heading ult-responsive\"  data-ultimate-target='.uvc-heading.ultimate-heading-392669f3e6ce0cdb8 h2'  data-responsive-json-new='{\"font-size\":\"\",\"line-height\":\"\"}' ><h2 style=\"--font-weight:theme;margin-bottom:17px;\">Kveloce I+D+i (Senior Europa S.L.)<\/h2><\/div><div class=\"uvc-sub-heading ult-responsive\"  data-ultimate-target='.uvc-heading.ultimate-heading-392669f3e6ce0cdb8 .uvc-sub-heading '  data-responsive-json-new='{\"font-size\":\"\",\"line-height\":\"\"}'  style=\"font-weight:normal;margin-bottom:75px;\"><strong>Kveloce I+D+i (Valence &#8211; Espagne)<\/strong> <span lang=\"ES\">est une PME sp\u00e9cialis\u00e9e dans le d\u00e9veloppement, la mise en \u0153uvre et l&rsquo;exploitation de projets de R&amp;D et leur financement, avec une histoire de plus de 15 ans. L&rsquo;entreprise est compos\u00e9e d&rsquo;une \u00e9quipe de 18 femmes aux profils diff\u00e9rents et compl\u00e9mentaires, r\u00e9parties dans trois r\u00e9gions espagnoles : Valence (r\u00e9gion Est), Asturies (r\u00e9gions Nord) et Madrid (r\u00e9gion Centre). Le champ d&rsquo;action principal de Kveloce est le domaine de la sant\u00e9 et de l&rsquo;innovation sociale, en particulier l&rsquo;\u00e9valuation de l&rsquo;impact socio-\u00e9conomique de l&rsquo;innovation, l&rsquo;\u00e9conomie circulaire, le comportement humain ; les nouveaux mod\u00e8les d&rsquo;entreprise et l&rsquo;innovation sociale ; les processus participatifs, la cocr\u00e9ation et les nouveaux mod\u00e8les de gouvernance ; les solutions conviviales TIC pour le renforcement des capacit\u00e9s, et enfin la communication et la diffusion des r\u00e9sultats de la R &amp; D.<\/span><\/p>\n<p>Pour plus d&rsquo;informations:<\/p>\n<p>Website: <a href=\"https:\/\/kveloce.com\/\" target=\"_blank\" rel=\"noopener\">kveloce.com<\/a><\/p>\n<p>Linkedin: <a href=\"https:\/\/www.linkedin.com\/company\/k-veloce\/\" target=\"_blank\" rel=\"noopener\">linkedin.com\/company\/k-veloce<\/a><\/p>\n<p>Twitter: <a href=\"https:\/\/twitter.com\/Kveloce_I_D_i\" target=\"_blank\" rel=\"noopener\">twitter.com\/Kveloce_I_D_i<\/a><\/p>\n<p>YouTube: <a href=\"https:\/\/www.youtube.com\/user\/KveloceIDI\" target=\"_blank\" rel=\"noopener\">youtube.com\/user\/KveloceIDI<\/a><\/div><\/div>[\/vc_column_inner][\/vc_row_inner][vc_separator][vc_row_inner][vc_column_inner width=\u00a0\u00bb1\/4&Prime;][vc_single_image image=\u00a0\u00bb1014&Prime; img_size=\u00a0\u00bbmedium\u00a0\u00bb image_hovers=\u00a0\u00bbfalse\u00a0\u00bb][\/vc_column_inner][vc_column_inner width=\u00a0\u00bb3\/4&Prime;]<div id=\"ultimate-heading-788469f3e6ce0cdfc\" class=\"uvc-heading ult-adjust-bottom-margin ultimate-heading-788469f3e6ce0cdfc uvc-2338  uvc-heading-default-font-sizes\" data-hspacer=\"no_spacer\"  data-halign=\"left\" style=\"text-align:left\"><div class=\"uvc-heading-spacer no_spacer\" style=\"top\"><\/div><div class=\"uvc-main-heading ult-responsive\"  data-ultimate-target='.uvc-heading.ultimate-heading-788469f3e6ce0cdfc h2'  data-responsive-json-new='{\"font-size\":\"\",\"line-height\":\"\"}' ><h2 style=\"--font-weight:theme;margin-top:53px;margin-bottom:17px;\">Asociaci\u00f3n Cultural y Medioambiental Permacultura Cantabria (en anglais)<\/h2><\/div><div class=\"uvc-sub-heading ult-responsive\"  data-ultimate-target='.uvc-heading.ultimate-heading-788469f3e6ce0cdfc .uvc-sub-heading '  data-responsive-json-new='{\"font-size\":\"\",\"line-height\":\"\"}'  style=\"font-weight:normal;margin-bottom:75px;\"><strong>Permacultura Cantabria (Cantabrie &#8211; Espagne):<\/strong> L\u00a0\u00bbAssociation culturelle et environnementale Permacultura Cantabria\u00a0\u00bb d\u00e9veloppe son activit\u00e9 principale dans les vall\u00e9es de Pasiegan (Cantabrie, nord de l&rsquo;Espagne). Les deux principales lignes de travail suivies par ses membres sont li\u00e9es, d&rsquo;une part, \u00e0 la durabilit\u00e9 et \u00e0 l&rsquo;\u00e9quilibre naturel (permaculture, bioconstruction, agriculture biologique et utilisation appropri\u00e9e de l&rsquo;eau et des autres ressources naturelles) et, d&rsquo;autre part, au d\u00e9veloppement humain (croissance personnelle, esprit d&rsquo;entreprise, intelligence \u00e9motionnelle, inclusion, etc.).<\/p>\n<p>Pour plus d&rsquo;informations:<\/p>\n<p>Website: <a href=\"https:\/\/www.permaculturacantabria.com\/\" target=\"_blank\" rel=\"noopener\">www.permaculturacantabria.com<\/a><\/p>\n<p>Linkedin: <a href=\"https:\/\/www.linkedin.com\/company\/permacultura-cantabria\" target=\"_blank\" rel=\"noopener\">linkedin.com\/company\/permacultura-cantabria<\/a><\/p>\n<p>Twitter: <a href=\"https:\/\/twitter.com\/PermaculturaCan\" target=\"_blank\" rel=\"noopener\">twitter.com\/PermaculturaCan<\/a><\/p>\n<p>Instagram: <a href=\"https:\/\/www.instagram.com\/permaculturacantabria\/\" target=\"_blank\" rel=\"noopener\">instagram.com\/permaculturacantabria\/<\/a><\/p>\n<p>Facebook: <a href=\"https:\/\/www.facebook.com\/PermaculturaCantabria\" target=\"_blank\" rel=\"noopener\">facebook.com\/PermaculturaCantabria<\/a><\/div><\/div>[\/vc_column_inner][\/vc_row_inner][vc_separator][vc_row_inner css=\u00a0\u00bb.vc_custom_1658829037889{padding-top: 25px !important;}\u00a0\u00bb][vc_column_inner width=\u00a0\u00bb1\/4&Prime;][vc_single_image image=\u00a0\u00bb999&Prime; img_size=\u00a0\u00bbmedium\u00a0\u00bb image_hovers=\u00a0\u00bbfalse\u00a0\u00bb][\/vc_column_inner][vc_column_inner width=\u00a0\u00bb3\/4&Prime;]<div id=\"ultimate-heading-204869f3e6ce0ce3b\" class=\"uvc-heading ult-adjust-bottom-margin ultimate-heading-204869f3e6ce0ce3b uvc-3888  uvc-heading-default-font-sizes\" data-hspacer=\"no_spacer\"  data-halign=\"left\" style=\"text-align:left\"><div class=\"uvc-heading-spacer no_spacer\" style=\"top\"><\/div><div class=\"uvc-main-heading ult-responsive\"  data-ultimate-target='.uvc-heading.ultimate-heading-204869f3e6ce0ce3b h2'  data-responsive-json-new='{\"font-size\":\"\",\"line-height\":\"\"}' ><h2 style=\"--font-weight:theme;margin-bottom:17px;\">Spolek PELICAN, z.s.<\/h2><\/div><div class=\"uvc-sub-heading ult-responsive\"  data-ultimate-target='.uvc-heading.ultimate-heading-204869f3e6ce0ce3b .uvc-sub-heading '  data-responsive-json-new='{\"font-size\":\"\",\"line-height\":\"\"}'  style=\"font-weight:normal;margin-bottom:75px;\"><strong>Spolek PELICAN (R\u00e9publique tch\u00e8que)<\/strong>: <span lang=\"ES\">est une association \u00e0 but non lucratif active dans le domaine de l&rsquo;\u00e9ducation et de la culture. Elle est fond\u00e9e sur la conviction qu&rsquo;une fa\u00e7on d&rsquo;am\u00e9liorer la qualit\u00e9 de l&rsquo;\u00e9ducation est de sensibiliser le public aux tendances actuelles en mati\u00e8re d&rsquo;\u00e9ducation et de soutenir leur mise en \u0153uvre \u00e0 tous les niveaux de l&rsquo;enseignement.<\/span><\/p>\n<p><span lang=\"ES\">Sa mission est de r\u00e9pondre aux besoins des \u00e9tudiants et de la communaut\u00e9 \u00e9ducative en soutenant, en collaborant et en \u00e9tablissant des partenariats avec des organisations \u00e0 but non lucratif locales, r\u00e9gionales et nationales et en fournissant des produits, des programmes et des services professionnels de qualit\u00e9.<\/span><\/p>\n<p><span lang=\"ES\">Les membres de l&rsquo;association ont une exp\u00e9rience consid\u00e9rable dans les projets internationaux financ\u00e9s par la Commission europ\u00e9enne visant \u00e0 d\u00e9velopper et \u00e0 mettre en \u0153uvre des ressources et des m\u00e9thodologies d&rsquo;enseignement et d&rsquo;apprentissage innovantes.<\/span><\/p>\n<p>Pour plus d&rsquo;informations:<\/p>\n<p>Contact: <a href=\"mailto:info@skolapelican.com\" target=\"_blank\" rel=\"noopener\">info@skolapelican.com<\/a><\/p>\n<p>Website: <a href=\"https:\/\/www.skolapelican.com\/en\/language-school-brno\/\" target=\"_blank\" rel=\"noopener\">skolapelican.com<\/a><\/p>\n<p>Instagram: <a href=\"https:\/\/euc-word-edit.officeapps.live.com\/we\/www.instagram.com\/skola_pelican\/\" target=\"_blank\" rel=\"noopener\">instagram.com\/skola_pelican\/<\/a><\/p>\n<p>Facebook: <a href=\"http:\/\/www.facebook.com\/skolapelican\" target=\"_blank\" rel=\"noopener\">facebook.com\/skolapelican <\/a><\/div><\/div>[\/vc_column_inner][\/vc_row_inner][\/vc_column][\/vc_row]<\/p>\n<\/section>","protected":false},"excerpt":{"rendered":"<p>[vc_row css=\u00a0\u00bb.vc_custom_1663144169218{padding-top: 50px !important;}\u00a0\u00bb][vc_column][vc_row_inner content_placement=\u00a0\u00bbtop\u00a0\u00bb][vc_column_inner width=\u00a0\u00bb1\/4&Prime;][vc_single_image image=\u00a0\u00bb989&Prime; img_size=\u00a0\u00bbmedium\u00a0\u00bb image_hovers=\u00a0\u00bbfalse\u00a0\u00bb][\/vc_column_inner][vc_column_inner width=\u00a0\u00bb3\/4&Prime; css=\u00a0\u00bb.vc_custom_1660823606810{border-radius: 20px !important;}\u00a0\u00bb][\/vc_column_inner][\/vc_row_inner][vc_separator][vc_row_inner][vc_column_inner width=\u00a0\u00bb1\/4&Prime;][vc_single_image image=\u00a0\u00bb1009&Prime; img_size=\u00a0\u00bbmedium\u00a0\u00bb image_hovers=\u00a0\u00bbfalse\u00a0\u00bb][\/vc_column_inner][vc_column_inner width=\u00a0\u00bb3\/4&Prime;][\/vc_column_inner][\/vc_row_inner][vc_separator][vc_row_inner][vc_column_inner width=\u00a0\u00bb1\/4&Prime;][vc_single_image image=\u00a0\u00bb1004&Prime; img_size=\u00a0\u00bbmedium\u00a0\u00bb image_hovers=\u00a0\u00bbfalse\u00a0\u00bb][\/vc_column_inner][vc_column_inner width=\u00a0\u00bb3\/4&Prime;][\/vc_column_inner][\/vc_row_inner][vc_separator][vc_row_inner css=\u00a0\u00bb.vc_custom_1658829037889{padding-top: 25px !important;}\u00a0\u00bb][vc_column_inner width=\u00a0\u00bb1\/4&Prime;][vc_single_image image=\u00a0\u00bb994&Prime; img_size=\u00a0\u00bbmedium\u00a0\u00bb image_hovers=\u00a0\u00bbfalse\u00a0\u00bb][\/vc_column_inner][vc_column_inner width=\u00a0\u00bb3\/4&Prime;][\/vc_column_inner][\/vc_row_inner][vc_separator][vc_row_inner][vc_column_inner width=\u00a0\u00bb1\/4&Prime;][vc_single_image image=\u00a0\u00bb1014&Prime; img_size=\u00a0\u00bbmedium\u00a0\u00bb image_hovers=\u00a0\u00bbfalse\u00a0\u00bb][\/vc_column_inner][vc_column_inner width=\u00a0\u00bb3\/4&Prime;][\/vc_column_inner][\/vc_row_inner][vc_separator][vc_row_inner css=\u00a0\u00bb.vc_custom_1658829037889{padding-top: 25px !important;}\u00a0\u00bb][vc_column_inner width=\u00a0\u00bb1\/4&Prime;][vc_single_image image=\u00a0\u00bb999&Prime; img_size=\u00a0\u00bbmedium\u00a0\u00bb image_hovers=\u00a0\u00bbfalse\u00a0\u00bb][\/vc_column_inner][vc_column_inner width=\u00a0\u00bb3\/4&Prime;][\/vc_column_inner][\/vc_row_inner][\/vc_column][\/vc_row]<\/p>\n","protected":false},"author":1,"featured_media":0,"parent":0,"menu_order":0,"comment_status":"closed","ping_status":"closed","template":"","meta":{"om_disable_all_campaigns":false,"_monsterinsights_skip_tracking":false,"_monsterinsights_sitenote_active":false,"_monsterinsights_sitenote_note":"","_monsterinsights_sitenote_category":0,"footnotes":""},"class_list":["post-1065","page","type-page","status-publish","hentry","description-off"],"yoast_head":"<!-- This site is optimized with the Yoast SEO plugin v19.13 - https:\/\/yoast.com\/wordpress\/plugins\/seo\/ -->\n<title>Partenariat - GREEN Factor<\/title>\n<meta name=\"robots\" content=\"index, follow, max-snippet:-1, max-image-preview:large, max-video-preview:-1\" \/>\n<link rel=\"canonical\" href=\"https:\/\/greenfactor-project.eu\/fr\/partenariat\/\" \/>\n<meta property=\"og:locale\" content=\"fr_FR\" \/>\n<meta property=\"og:type\" content=\"article\" \/>\n<meta property=\"og:title\" content=\"Partenariat - GREEN Factor\" \/>\n<meta property=\"og:description\" content=\"[vc_row css=\u00a0\u00bb.vc_custom_1663144169218{padding-top: 50px !important;}\u00a0\u00bb][vc_column][vc_row_inner content_placement=\u00a0\u00bbtop\u00a0\u00bb][vc_column_inner width=\u00a0\u00bb1\/4&Prime;][vc_single_image image=\u00a0\u00bb989&Prime; img_size=\u00a0\u00bbmedium\u00a0\u00bb image_hovers=\u00a0\u00bbfalse\u00a0\u00bb][\/vc_column_inner][vc_column_inner width=\u00a0\u00bb3\/4&Prime; css=\u00a0\u00bb.vc_custom_1660823606810{border-radius: 20px !important;}\u00a0\u00bb][\/vc_column_inner][\/vc_row_inner][vc_separator][vc_row_inner][vc_column_inner width=\u00a0\u00bb1\/4&Prime;][vc_single_image image=\u00a0\u00bb1009&Prime; img_size=\u00a0\u00bbmedium\u00a0\u00bb image_hovers=\u00a0\u00bbfalse\u00a0\u00bb][\/vc_column_inner][vc_column_inner width=\u00a0\u00bb3\/4&Prime;][\/vc_column_inner][\/vc_row_inner][vc_separator][vc_row_inner][vc_column_inner width=\u00a0\u00bb1\/4&Prime;][vc_single_image image=\u00a0\u00bb1004&Prime; img_size=\u00a0\u00bbmedium\u00a0\u00bb image_hovers=\u00a0\u00bbfalse\u00a0\u00bb][\/vc_column_inner][vc_column_inner width=\u00a0\u00bb3\/4&Prime;][\/vc_column_inner][\/vc_row_inner][vc_separator][vc_row_inner css=\u00a0\u00bb.vc_custom_1658829037889{padding-top: 25px !important;}\u00a0\u00bb][vc_column_inner width=\u00a0\u00bb1\/4&Prime;][vc_single_image image=\u00a0\u00bb994&Prime; img_size=\u00a0\u00bbmedium\u00a0\u00bb image_hovers=\u00a0\u00bbfalse\u00a0\u00bb][\/vc_column_inner][vc_column_inner width=\u00a0\u00bb3\/4&Prime;][\/vc_column_inner][\/vc_row_inner][vc_separator][vc_row_inner][vc_column_inner width=\u00a0\u00bb1\/4&Prime;][vc_single_image image=\u00a0\u00bb1014&Prime; img_size=\u00a0\u00bbmedium\u00a0\u00bb image_hovers=\u00a0\u00bbfalse\u00a0\u00bb][\/vc_column_inner][vc_column_inner width=\u00a0\u00bb3\/4&Prime;][\/vc_column_inner][\/vc_row_inner][vc_separator][vc_row_inner css=\u00a0\u00bb.vc_custom_1658829037889{padding-top: 25px !important;}\u00a0\u00bb][vc_column_inner width=\u00a0\u00bb1\/4&Prime;][vc_single_image image=\u00a0\u00bb999&Prime; img_size=\u00a0\u00bbmedium\u00a0\u00bb image_hovers=\u00a0\u00bbfalse\u00a0\u00bb][\/vc_column_inner][vc_column_inner width=\u00a0\u00bb3\/4&Prime;][\/vc_column_inner][\/vc_row_inner][\/vc_column][\/vc_row]\" \/>\n<meta property=\"og:url\" content=\"https:\/\/greenfactor-project.eu\/fr\/partenariat\/\" \/>\n<meta property=\"og:site_name\" content=\"GREEN Factor\" \/>\n<meta property=\"article:modified_time\" content=\"2023-03-06T14:02:46+00:00\" \/>\n<meta name=\"twitter:card\" content=\"summary_large_image\" \/>\n<meta name=\"twitter:site\" content=\"@GreenfactorP\" \/>\n<meta name=\"twitter:label1\" content=\"Dur\u00e9e de lecture estim\u00e9e\" \/>\n\t<meta name=\"twitter:data1\" content=\"6 minutes\" \/>\n<script type=\"application\/ld+json\" class=\"yoast-schema-graph\">{\"@context\":\"https:\/\/schema.org\",\"@graph\":[{\"@type\":\"WebPage\",\"@id\":\"https:\/\/greenfactor-project.eu\/fr\/partenariat\/\",\"url\":\"https:\/\/greenfactor-project.eu\/fr\/partenariat\/\",\"name\":\"Partenariat - GREEN Factor\",\"isPartOf\":{\"@id\":\"https:\/\/greenfactor-project.eu\/#website\"},\"datePublished\":\"2022-07-26T08:02:13+00:00\",\"dateModified\":\"2023-03-06T14:02:46+00:00\",\"breadcrumb\":{\"@id\":\"https:\/\/greenfactor-project.eu\/fr\/partenariat\/#breadcrumb\"},\"inLanguage\":\"fr-FR\",\"potentialAction\":[{\"@type\":\"ReadAction\",\"target\":[\"https:\/\/greenfactor-project.eu\/fr\/partenariat\/\"]}]},{\"@type\":\"BreadcrumbList\",\"@id\":\"https:\/\/greenfactor-project.eu\/fr\/partenariat\/#breadcrumb\",\"itemListElement\":[{\"@type\":\"ListItem\",\"position\":1,\"name\":\"Home\",\"item\":\"https:\/\/greenfactor-project.eu\/fr\/accueil\/\"},{\"@type\":\"ListItem\",\"position\":2,\"name\":\"Partenariat\"}]},{\"@type\":\"WebSite\",\"@id\":\"https:\/\/greenfactor-project.eu\/#website\",\"url\":\"https:\/\/greenfactor-project.eu\/\",\"name\":\"GREEN Factor\",\"description\":\"Eco and entrepreneurial pathways to boost young people\u2019s factor of change\",\"publisher\":{\"@id\":\"https:\/\/greenfactor-project.eu\/#organization\"},\"potentialAction\":[{\"@type\":\"SearchAction\",\"target\":{\"@type\":\"EntryPoint\",\"urlTemplate\":\"https:\/\/greenfactor-project.eu\/?s={search_term_string}\"},\"query-input\":\"required name=search_term_string\"}],\"inLanguage\":\"fr-FR\"},{\"@type\":\"Organization\",\"@id\":\"https:\/\/greenfactor-project.eu\/#organization\",\"name\":\"GREEN Factor\",\"url\":\"https:\/\/greenfactor-project.eu\/\",\"logo\":{\"@type\":\"ImageObject\",\"inLanguage\":\"fr-FR\",\"@id\":\"https:\/\/greenfactor-project.eu\/#\/schema\/logo\/image\/\",\"url\":\"https:\/\/greenfactor-project.eu\/wp-content\/uploads\/2022\/07\/logo-greendfactor-m2.jpg\",\"contentUrl\":\"https:\/\/greenfactor-project.eu\/wp-content\/uploads\/2022\/07\/logo-greendfactor-m2.jpg\",\"width\":131,\"height\":86,\"caption\":\"GREEN Factor\"},\"image\":{\"@id\":\"https:\/\/greenfactor-project.eu\/#\/schema\/logo\/image\/\"},\"sameAs\":[\"https:\/\/www.instagram.com\/greenfactor_project\/\",\"https:\/\/www.linkedin.com\/in\/green-factor-project-0b10ab246\/\",\"https:\/\/twitter.com\/GreenfactorP\"]}]}<\/script>\n<!-- \/ Yoast SEO plugin. -->","yoast_head_json":{"title":"Partenariat - GREEN Factor","robots":{"index":"index","follow":"follow","max-snippet":"max-snippet:-1","max-image-preview":"max-image-preview:large","max-video-preview":"max-video-preview:-1"},"canonical":"https:\/\/greenfactor-project.eu\/fr\/partenariat\/","og_locale":"fr_FR","og_type":"article","og_title":"Partenariat - GREEN Factor","og_description":"[vc_row css=\u00a0\u00bb.vc_custom_1663144169218{padding-top: 50px !important;}\u00a0\u00bb][vc_column][vc_row_inner content_placement=\u00a0\u00bbtop\u00a0\u00bb][vc_column_inner width=\u00a0\u00bb1\/4&Prime;][vc_single_image image=\u00a0\u00bb989&Prime; img_size=\u00a0\u00bbmedium\u00a0\u00bb image_hovers=\u00a0\u00bbfalse\u00a0\u00bb][\/vc_column_inner][vc_column_inner width=\u00a0\u00bb3\/4&Prime; css=\u00a0\u00bb.vc_custom_1660823606810{border-radius: 20px !important;}\u00a0\u00bb][\/vc_column_inner][\/vc_row_inner][vc_separator][vc_row_inner][vc_column_inner width=\u00a0\u00bb1\/4&Prime;][vc_single_image image=\u00a0\u00bb1009&Prime; img_size=\u00a0\u00bbmedium\u00a0\u00bb image_hovers=\u00a0\u00bbfalse\u00a0\u00bb][\/vc_column_inner][vc_column_inner width=\u00a0\u00bb3\/4&Prime;][\/vc_column_inner][\/vc_row_inner][vc_separator][vc_row_inner][vc_column_inner width=\u00a0\u00bb1\/4&Prime;][vc_single_image image=\u00a0\u00bb1004&Prime; img_size=\u00a0\u00bbmedium\u00a0\u00bb image_hovers=\u00a0\u00bbfalse\u00a0\u00bb][\/vc_column_inner][vc_column_inner width=\u00a0\u00bb3\/4&Prime;][\/vc_column_inner][\/vc_row_inner][vc_separator][vc_row_inner css=\u00a0\u00bb.vc_custom_1658829037889{padding-top: 25px !important;}\u00a0\u00bb][vc_column_inner width=\u00a0\u00bb1\/4&Prime;][vc_single_image image=\u00a0\u00bb994&Prime; img_size=\u00a0\u00bbmedium\u00a0\u00bb image_hovers=\u00a0\u00bbfalse\u00a0\u00bb][\/vc_column_inner][vc_column_inner width=\u00a0\u00bb3\/4&Prime;][\/vc_column_inner][\/vc_row_inner][vc_separator][vc_row_inner][vc_column_inner width=\u00a0\u00bb1\/4&Prime;][vc_single_image image=\u00a0\u00bb1014&Prime; img_size=\u00a0\u00bbmedium\u00a0\u00bb image_hovers=\u00a0\u00bbfalse\u00a0\u00bb][\/vc_column_inner][vc_column_inner width=\u00a0\u00bb3\/4&Prime;][\/vc_column_inner][\/vc_row_inner][vc_separator][vc_row_inner css=\u00a0\u00bb.vc_custom_1658829037889{padding-top: 25px !important;}\u00a0\u00bb][vc_column_inner width=\u00a0\u00bb1\/4&Prime;][vc_single_image image=\u00a0\u00bb999&Prime; img_size=\u00a0\u00bbmedium\u00a0\u00bb image_hovers=\u00a0\u00bbfalse\u00a0\u00bb][\/vc_column_inner][vc_column_inner width=\u00a0\u00bb3\/4&Prime;][\/vc_column_inner][\/vc_row_inner][\/vc_column][\/vc_row]","og_url":"https:\/\/greenfactor-project.eu\/fr\/partenariat\/","og_site_name":"GREEN Factor","article_modified_time":"2023-03-06T14:02:46+00:00","twitter_card":"summary_large_image","twitter_site":"@GreenfactorP","twitter_misc":{"Dur\u00e9e de lecture estim\u00e9e":"6 minutes"},"schema":{"@context":"https:\/\/schema.org","@graph":[{"@type":"WebPage","@id":"https:\/\/greenfactor-project.eu\/fr\/partenariat\/","url":"https:\/\/greenfactor-project.eu\/fr\/partenariat\/","name":"Partenariat - GREEN Factor","isPartOf":{"@id":"https:\/\/greenfactor-project.eu\/#website"},"datePublished":"2022-07-26T08:02:13+00:00","dateModified":"2023-03-06T14:02:46+00:00","breadcrumb":{"@id":"https:\/\/greenfactor-project.eu\/fr\/partenariat\/#breadcrumb"},"inLanguage":"fr-FR","potentialAction":[{"@type":"ReadAction","target":["https:\/\/greenfactor-project.eu\/fr\/partenariat\/"]}]},{"@type":"BreadcrumbList","@id":"https:\/\/greenfactor-project.eu\/fr\/partenariat\/#breadcrumb","itemListElement":[{"@type":"ListItem","position":1,"name":"Home","item":"https:\/\/greenfactor-project.eu\/fr\/accueil\/"},{"@type":"ListItem","position":2,"name":"Partenariat"}]},{"@type":"WebSite","@id":"https:\/\/greenfactor-project.eu\/#website","url":"https:\/\/greenfactor-project.eu\/","name":"GREEN Factor","description":"Eco and entrepreneurial pathways to boost young people\u2019s factor of change","publisher":{"@id":"https:\/\/greenfactor-project.eu\/#organization"},"potentialAction":[{"@type":"SearchAction","target":{"@type":"EntryPoint","urlTemplate":"https:\/\/greenfactor-project.eu\/?s={search_term_string}"},"query-input":"required name=search_term_string"}],"inLanguage":"fr-FR"},{"@type":"Organization","@id":"https:\/\/greenfactor-project.eu\/#organization","name":"GREEN Factor","url":"https:\/\/greenfactor-project.eu\/","logo":{"@type":"ImageObject","inLanguage":"fr-FR","@id":"https:\/\/greenfactor-project.eu\/#\/schema\/logo\/image\/","url":"https:\/\/greenfactor-project.eu\/wp-content\/uploads\/2022\/07\/logo-greendfactor-m2.jpg","contentUrl":"https:\/\/greenfactor-project.eu\/wp-content\/uploads\/2022\/07\/logo-greendfactor-m2.jpg","width":131,"height":86,"caption":"GREEN Factor"},"image":{"@id":"https:\/\/greenfactor-project.eu\/#\/schema\/logo\/image\/"},"sameAs":["https:\/\/www.instagram.com\/greenfactor_project\/","https:\/\/www.linkedin.com\/in\/green-factor-project-0b10ab246\/","https:\/\/twitter.com\/GreenfactorP"]}]}},"_links":{"self":[{"href":"https:\/\/greenfactor-project.eu\/fr\/wp-json\/wp\/v2\/pages\/1065","targetHints":{"allow":["GET"]}}],"collection":[{"href":"https:\/\/greenfactor-project.eu\/fr\/wp-json\/wp\/v2\/pages"}],"about":[{"href":"https:\/\/greenfactor-project.eu\/fr\/wp-json\/wp\/v2\/types\/page"}],"author":[{"embeddable":true,"href":"https:\/\/greenfactor-project.eu\/fr\/wp-json\/wp\/v2\/users\/1"}],"replies":[{"embeddable":true,"href":"https:\/\/greenfactor-project.eu\/fr\/wp-json\/wp\/v2\/comments?post=1065"}],"version-history":[{"count":12,"href":"https:\/\/greenfactor-project.eu\/fr\/wp-json\/wp\/v2\/pages\/1065\/revisions"}],"predecessor-version":[{"id":1600,"href":"https:\/\/greenfactor-project.eu\/fr\/wp-json\/wp\/v2\/pages\/1065\/revisions\/1600"}],"wp:attachment":[{"href":"https:\/\/greenfactor-project.eu\/fr\/wp-json\/wp\/v2\/media?parent=1065"}],"curies":[{"name":"wp","href":"https:\/\/api.w.org\/{rel}","templated":true}]}}